{"id":14471,"date":"2026-02-06T16:06:18","date_gmt":"2026-02-06T15:06:18","guid":{"rendered":"https:\/\/westfalia-mobil.com\/?post_type=evenements&#038;p=14471"},"modified":"2026-02-06T16:06:18","modified_gmt":"2026-02-06T15:06:18","slug":"camping-caravan-outdoor-sport-messe","status":"publish","type":"evenements","link":"https:\/\/westfalia-mobil.com\/de\/veranstaltungskalender-westfalia\/camping-caravan-outdoor-sport-messe\/","title":{"rendered":"Camping Caravan Outdoor &#038; Sport Messe"},"content":{"rendered":"<p><div class=\"fusion-fullwidth fullwidth-box fusion-builder-row-1 fusion-flex-container has-pattern-background has-mask-background nonhundred-percent-fullwidth non-hundred-percent-height-scrolling\" style=\"--awb-border-radius-top-left:0px;--awb-border-radius-top-right:0px;--awb-border-radius-bottom-right:0px;--awb-border-radius-bottom-left:0px;--awb-padding-top:250px;--awb-padding-right:5%;--awb-padding-bottom:90px;--awb-padding-left:5%;--awb-padding-top-medium:240px;--awb-padding-bottom-medium:90px;--awb-padding-top-small:100px;--awb-padding-bottom-small:40px;--awb-margin-bottom:90px;--awb-margin-bottom-small:40px;--awb-background-color:var(--awb-color4);--awb-flex-wrap:wrap;\" ><div class=\"fusion-builder-row fusion-row fusion-flex-align-items-flex-start fusion-flex-justify-content-center fusion-flex-content-wrap\" style=\"max-width:1664px;margin-left: calc(-4% \/ 2 );margin-right: calc(-4% \/ 2 );\"><div class=\"fusion-layout-column fusion_builder_column fusion-builder-column-0 fusion_builder_column_2_3 2_3 fusion-flex-column\" style=\"--awb-bg-size:cover;--awb-width-large:66.666666666667%;--awb-margin-top-large:0px;--awb-spacing-right-large:2.88%;--awb-margin-bottom-large:20px;--awb-spacing-left-large:2.88%;--awb-width-medium:66.666666666667%;--awb-order-medium:0;--awb-spacing-right-medium:2.88%;--awb-spacing-left-medium:2.88%;--awb-width-small:100%;--awb-order-small:0;--awb-spacing-right-small:1.92%;--awb-spacing-left-small:1.92%;\"><div class=\"fusion-column-wrapper fusion-column-has-shadow fusion-flex-justify-content-flex-start fusion-content-layout-column\"><div class=\"fusion-title title fusion-title-1 fusion-sep-none fusion-title-center fusion-title-text fusion-title-size-one\" style=\"--awb-text-color:var(--awb-color1);--awb-font-size:60px;\"><h1 class=\"fusion-title-heading title-heading-center\" style=\"margin:0;font-size:1em;\">Camping Caravan Outdoor &#038; Sport Messe<\/h1><\/div><\/div><\/div><div class=\"fusion-layout-column fusion_builder_column fusion-builder-column-1 fusion_builder_column_2_3 2_3 fusion-flex-column\" style=\"--awb-bg-size:cover;--awb-width-large:66.666666666667%;--awb-margin-top-large:0px;--awb-spacing-right-large:2.88%;--awb-margin-bottom-large:20px;--awb-spacing-left-large:2.88%;--awb-width-medium:66.666666666667%;--awb-order-medium:0;--awb-spacing-right-medium:2.88%;--awb-spacing-left-medium:2.88%;--awb-width-small:100%;--awb-order-small:0;--awb-spacing-right-small:1.92%;--awb-spacing-left-small:1.92%;\" data-scroll-devices=\"small-visibility,medium-visibility,large-visibility\"><div class=\"fusion-column-wrapper fusion-column-has-shadow fusion-flex-justify-content-center fusion-content-layout-row\"><div class=\"fusion-text fusion-text-1\" style=\"--awb-content-alignment:center;--awb-text-color:var(--awb-color1);\"><p>6 Februar 2026<\/p>\n<\/div><\/div><\/div><\/div><\/div><div class=\"fusion-fullwidth fullwidth-box fusion-builder-row-2 fusion-flex-container has-pattern-background has-mask-background nonhundred-percent-fullwidth non-hundred-percent-height-scrolling\" style=\"--awb-border-radius-top-left:0px;--awb-border-radius-top-right:0px;--awb-border-radius-bottom-right:0px;--awb-border-radius-bottom-left:0px;--awb-padding-bottom:0px;--awb-margin-top:0px;--awb-margin-bottom:40px;--awb-margin-bottom-small:40px;--awb-flex-wrap:wrap;\" ><div class=\"fusion-builder-row fusion-row fusion-flex-align-items-flex-start fusion-flex-justify-content-center fusion-flex-content-wrap\" style=\"max-width:1664px;margin-left: calc(-4% \/ 2 );margin-right: calc(-4% \/ 2 );\"><div class=\"fusion-layout-column fusion_builder_column fusion-builder-column-2 fusion_builder_column_3_5 3_5 fusion-flex-column\" style=\"--awb-bg-size:cover;--awb-width-large:60%;--awb-margin-top-large:0px;--awb-spacing-right-large:3.2%;--awb-margin-bottom-large:20px;--awb-spacing-left-large:3.2%;--awb-width-medium:60%;--awb-order-medium:0;--awb-spacing-right-medium:3.2%;--awb-spacing-left-medium:3.2%;--awb-width-small:100%;--awb-order-small:0;--awb-spacing-right-small:1.92%;--awb-spacing-left-small:1.92%;\"><div class=\"fusion-column-wrapper fusion-column-has-shadow fusion-flex-justify-content-flex-start fusion-content-layout-column\"><div class=\"fusion-text fusion-text-2\"><h2>Westfalia Modelle auf der Camping &amp; Caravan Messe Straubing 2026<\/h2>\n<p>Am <strong>11. und 12. April 2026<\/strong> pr\u00e4sentiert der Westfalia Vertragsh\u00e4ndler<a href=\"https:\/\/kosi-busse.de\"><strong> Kosi Vans &amp; Reisemobile KG<\/strong><\/a> ausgew\u00e4hlte Westfalia Modelle auf der <strong><a href=\"https:\/\/campingcos.de\">Camping &amp; Caravan Outdoor- und Sportmesse<\/a><\/strong> in der Joseph-von-Fraunhofer-Halle in Straubing.<\/p>\n<p>Als erfahrener Van- &amp; Reisemobil-Experte in Bayern und Kfz-Meisterbetrieb l\u00e4dt <strong>Kosi Vans &amp; Reisemobile<\/strong> dazu ein, die aktuellen Westfalia Fahrzeuge live vor Ort zu entdecken:<\/p>\n<p><a href=\"https:\/\/westfalia-mobil.com\/de\/kastenwagen\/columbus-540-d\/\"><strong>Columbus 540 D<\/strong><\/a><br \/>\n<a href=\"https:\/\/westfalia-mobil.com\/de\/kastenwagen\/columbus-600-e\/\"><strong>Columbus 600 E<\/strong><\/a><br \/>\n<a href=\"https:\/\/westfalia-mobil.com\/de\/campervans\/club-joker-urban\/\"><strong>Club Joker Urban<\/strong><\/a><br \/>\n<a href=\"https:\/\/westfalia-mobil.com\/de\/kastenwagen\/sven-hedin\/\"><strong>Sven Hedin<\/strong><\/a><\/p>\n<p>Die Camping &amp; Caravan Messe Straubing gilt als erste und <strong>gr\u00f6\u00dfte Campingmesse Ostbayerns<\/strong> und bietet sowohl Indoor- als auch Outdoor-Ausstellungsfl\u00e4chen. Besucherinnen und Besucher erwartet ein vielseitiges Angebot rund um Camping, Outdoor, Sport und mobiles Reisen.<\/p>\n<p>Das Team von <strong>Kosi Vans &amp; Reisemobile KG<\/strong> freut sich auf Ihren Besuch und steht Ihnen w\u00e4hrend der Messe gern f\u00fcr eine pers\u00f6nliche Beratung rund um die Westfalia Modelle zur Verf\u00fcgung.<\/p>\n<p><a href=\"https:\/\/kosi-busse.de\/\"><strong>https:\/\/kosi-busse.de\/<\/strong><\/a><\/p>\n<\/div><div class=\"fusion-image-element \" style=\"--awb-caption-title-font-family:var(--h2_typography-font-family);--awb-caption-title-font-weight:var(--h2_typography-font-weight);--awb-caption-title-font-style:var(--h2_typography-font-style);--awb-caption-title-size:var(--h2_typography-font-size);--awb-caption-title-transform:var(--h2_typography-text-transform);--awb-caption-title-line-height:var(--h2_typography-line-height);--awb-caption-title-letter-spacing:var(--h2_typography-letter-spacing);\"><span class=\" fusion-imageframe imageframe-none imageframe-1 hover-type-none\"><img decoding=\"async\" width=\"1182\" height=\"758\" title=\"Campingcos_2026\" src=\"https:\/\/westfalia-mobil.com\/wp-content\/uploads\/2026\/02\/Campingcos_2026.png\" alt class=\"img-responsive wp-image-14472\" srcset=\"https:\/\/westfalia-mobil.com\/wp-content\/uploads\/2026\/02\/Campingcos_2026-200x128.png 200w, https:\/\/westfalia-mobil.com\/wp-content\/uploads\/2026\/02\/Campingcos_2026-400x257.png 400w, https:\/\/westfalia-mobil.com\/wp-content\/uploads\/2026\/02\/Campingcos_2026-600x385.png 600w, https:\/\/westfalia-mobil.com\/wp-content\/uploads\/2026\/02\/Campingcos_2026-800x513.png 800w, https:\/\/westfalia-mobil.com\/wp-content\/uploads\/2026\/02\/Campingcos_2026.png 1182w\" sizes=\"(max-width: 640px) 100vw, 1182px\" \/><\/span><\/div><\/div><\/div><\/div><\/div><div class=\"fusion-fullwidth fullwidth-box fusion-builder-row-3 fusion-flex-container has-pattern-background has-mask-background nonhundred-percent-fullwidth non-hundred-percent-height-scrolling\" style=\"--awb-border-radius-top-left:0px;--awb-border-radius-top-right:0px;--awb-border-radius-bottom-right:0px;--awb-border-radius-bottom-left:0px;--awb-flex-wrap:wrap;\" ><div class=\"fusion-builder-row fusion-row fusion-flex-align-items-flex-start fusion-flex-justify-content-center fusion-flex-content-wrap\" style=\"max-width:1664px;margin-left: calc(-4% \/ 2 );margin-right: calc(-4% \/ 2 );\"><div class=\"fusion-layout-column fusion_builder_column fusion-builder-column-3 fusion_builder_column_3_5 3_5 fusion-flex-column\" style=\"--awb-bg-size:cover;--awb-width-large:60%;--awb-margin-top-large:0px;--awb-spacing-right-large:3.2%;--awb-margin-bottom-large:20px;--awb-spacing-left-large:3.2%;--awb-width-medium:60%;--awb-order-medium:0;--awb-spacing-right-medium:3.2%;--awb-spacing-left-medium:3.2%;--awb-width-small:100%;--awb-order-small:0;--awb-spacing-right-small:1.92%;--awb-spacing-left-small:1.92%;\" data-scroll-devices=\"small-visibility,medium-visibility,large-visibility\"><div class=\"fusion-column-wrapper fusion-column-has-shadow fusion-flex-justify-content-flex-start fusion-content-layout-column\"><div class=\"fusion-sharing-box fusion-sharing-box-1 has-taglines layout-floated layout-medium-floated layout-small-stacked\" style=\"background-color:var(--awb-color1);border-color:#cccccc;--awb-margin-top:0px;--awb-separator-border-color:#cccccc;--awb-separator-border-sizes:0px;--awb-layout:row;--awb-alignment-small:space-between;--awb-stacked-align-small:center;\" data-title=\"Camping Caravan Outdoor &#038; Sport Messe\" data-description=\"Tous les concessionnaires et revendeurs Westfalia   \r\nWestfalia Modelle auf der Camping &amp; Caravan Messe Straubing 2026\r\nAm 11. und 12. April 2026 pr\u00e4sentiert der Westfalia Vertragsh\u00e4ndler Kosi Vans &amp; Reisemobile KG ausgew\u00e4hlte Westfalia Modelle auf der Camping &amp; Caravan Outdoor- und Sportmesse in der Joseph-von-Fraunhofer-Halle in Straubing.\r\n\r\nAls erfahrener Van-\" data-link=\"https:\/\/westfalia-mobil.com\/de\/veranstaltungskalender-westfalia\/camping-caravan-outdoor-sport-messe\/\"><h4 class=\"tagline\" style=\"color:var(--awb-color8);\">Teilen<\/h4><div class=\"fusion-social-networks sharingbox-shortcode-icon-wrapper sharingbox-shortcode-icon-wrapper-1\"><span><a href=\"https:\/\/www.facebook.com\/sharer.php?u=https%3A%2F%2Fwestfalia-mobil.com%2Fde%2Fveranstaltungskalender-westfalia%2Fcamping-caravan-outdoor-sport-messe%2F&amp;t=Camping%20Caravan%20Outdoor%20%26%23038%3B%20Sport%20Messe\" target=\"_blank\" rel=\"noreferrer\" title=\"Facebook\" aria-label=\"Facebook\" data-placement=\"top\" data-toggle=\"tooltip\" data-title=\"Facebook\"><i class=\"fusion-social-network-icon fusion-tooltip fusion-facebook awb-icon-facebook\" style=\"color:var(--awb-color8);\" aria-hidden=\"true\"><\/i><\/a><\/span><span><a href=\"https:\/\/x.com\/intent\/post?text=Camping%20Caravan%20Outdoor%20%26%20Sport%20Messe&amp;url=https%3A%2F%2Fwestfalia-mobil.com%2Fde%2Fveranstaltungskalender-westfalia%2Fcamping-caravan-outdoor-sport-messe%2F\" target=\"_blank\" rel=\"noopener noreferrer\" title=\"X\" aria-label=\"X\" data-placement=\"top\" data-toggle=\"tooltip\" data-title=\"X\"><i class=\"fusion-social-network-icon fusion-tooltip fusion-twitter awb-icon-twitter\" style=\"color:var(--awb-color8);\" aria-hidden=\"true\"><\/i><\/a><\/span><span><a href=\"https:\/\/www.linkedin.com\/shareArticle?mini=true&amp;url=https%3A%2F%2Fwestfalia-mobil.com%2Fde%2Fveranstaltungskalender-westfalia%2Fcamping-caravan-outdoor-sport-messe%2F&amp;title=Camping%20Caravan%20Outdoor%20%26%23038%3B%20Sport%20Messe&amp;summary=Tous%20les%20concessionnaires%20et%20revendeurs%20Westfalia%20%20%20%20%20%20%0D%0AWestfalia%20Modelle%20auf%20der%20Camping%20%26amp%3B%20Caravan%20Messe%20Straubing%202026%0D%0AAm%2011.%20und%2012.%20April%202026%20pr%C3%A4sentiert%20der%20Westfalia%20Vertragsh%C3%A4ndler%20Kosi%20Vans%20%26amp%3B%20Reisemobile%20KG%20ausgew%C3%A4hlte%20Westfalia%20Modelle%20auf%20der%20Camping%20%26amp%3B%20Caravan%20Outdoor-%20und%20Sportmesse%20in%20der%20Joseph-von-Fraunhofer-Halle%20in%20Straubing.%0D%0A%0D%0AAls%20erfahrener%20Van-\" target=\"_blank\" rel=\"noopener noreferrer\" title=\"LinkedIn\" aria-label=\"LinkedIn\" data-placement=\"top\" data-toggle=\"tooltip\" data-title=\"LinkedIn\"><i class=\"fusion-social-network-icon fusion-tooltip fusion-linkedin awb-icon-linkedin\" style=\"color:var(--awb-color8);\" aria-hidden=\"true\"><\/i><\/a><\/span><\/div><\/div><\/div><\/div><\/div><\/div><\/p>\n","protected":false},"featured_media":14472,"template":"","meta":{"_acf_changed":false,"footnotes":""},"class_list":["post-14471","evenements","type-evenements","status-publish","has-post-thumbnail","hentry"],"acf":[],"yoast_head":"<!-- This site is optimized with the Yoast SEO plugin v26.9 - https:\/\/yoast.com\/product\/yoast-seo-wordpress\/ -->\n<title>Camping Caravan Outdoor &amp; Sport Messe - Westfalia, der historische Entwickler des Premium CamperVans und Kastenwagen<\/title>\n<meta name=\"robots\" content=\"index, follow, max-snippet:-1, max-image-preview:large, max-video-preview:-1\" \/>\n<link rel=\"canonical\" href=\"https:\/\/westfalia-mobil.com\/de\/veranstaltungskalender-westfalia\/camping-caravan-outdoor-sport-messe\/\" \/>\n<meta property=\"og:locale\" content=\"de_DE\" \/>\n<meta property=\"og:type\" content=\"article\" \/>\n<meta property=\"og:title\" content=\"Camping Caravan Outdoor &amp; Sport Messe - Westfalia, der historische Entwickler des Premium CamperVans und Kastenwagen\" \/>\n<meta property=\"og:url\" content=\"https:\/\/westfalia-mobil.com\/de\/veranstaltungskalender-westfalia\/camping-caravan-outdoor-sport-messe\/\" \/>\n<meta property=\"og:site_name\" content=\"Westfalia, der historische Entwickler des Premium CamperVans und Kastenwagen\" \/>\n<meta property=\"article:publisher\" content=\"https:\/\/www.facebook.com\/westfaliafrance\/\" \/>\n<meta property=\"og:image\" content=\"https:\/\/westfalia-mobil.com\/wp-content\/uploads\/2026\/02\/Campingcos_2026.png\" \/>\n\t<meta property=\"og:image:width\" content=\"1182\" \/>\n\t<meta property=\"og:image:height\" content=\"758\" \/>\n\t<meta property=\"og:image:type\" content=\"image\/png\" \/>\n<meta name=\"twitter:card\" content=\"summary_large_image\" \/>\n<meta name=\"twitter:label1\" content=\"Gesch\u00e4tzte Lesezeit\" \/>\n\t<meta name=\"twitter:data1\" content=\"2\u00a0Minuten\" \/>\n<script type=\"application\/ld+json\" class=\"yoast-schema-graph\">{\"@context\":\"https:\/\/schema.org\",\"@graph\":[{\"@type\":\"WebPage\",\"@id\":\"https:\/\/westfalia-mobil.com\/de\/veranstaltungskalender-westfalia\/camping-caravan-outdoor-sport-messe\/\",\"url\":\"https:\/\/westfalia-mobil.com\/de\/veranstaltungskalender-westfalia\/camping-caravan-outdoor-sport-messe\/\",\"name\":\"Camping Caravan Outdoor & Sport Messe - Westfalia, der historische Entwickler des Premium CamperVans und Kastenwagen\",\"isPartOf\":{\"@id\":\"https:\/\/westfalia-mobil.com\/de\/#website\"},\"primaryImageOfPage\":{\"@id\":\"https:\/\/westfalia-mobil.com\/de\/veranstaltungskalender-westfalia\/camping-caravan-outdoor-sport-messe\/#primaryimage\"},\"image\":{\"@id\":\"https:\/\/westfalia-mobil.com\/de\/veranstaltungskalender-westfalia\/camping-caravan-outdoor-sport-messe\/#primaryimage\"},\"thumbnailUrl\":\"https:\/\/westfalia-mobil.com\/wp-content\/uploads\/2026\/02\/Campingcos_2026.png\",\"datePublished\":\"2026-02-06T15:06:18+00:00\",\"breadcrumb\":{\"@id\":\"https:\/\/westfalia-mobil.com\/de\/veranstaltungskalender-westfalia\/camping-caravan-outdoor-sport-messe\/#breadcrumb\"},\"inLanguage\":\"de\",\"potentialAction\":[{\"@type\":\"ReadAction\",\"target\":[\"https:\/\/westfalia-mobil.com\/de\/veranstaltungskalender-westfalia\/camping-caravan-outdoor-sport-messe\/\"]}]},{\"@type\":\"ImageObject\",\"inLanguage\":\"de\",\"@id\":\"https:\/\/westfalia-mobil.com\/de\/veranstaltungskalender-westfalia\/camping-caravan-outdoor-sport-messe\/#primaryimage\",\"url\":\"https:\/\/westfalia-mobil.com\/wp-content\/uploads\/2026\/02\/Campingcos_2026.png\",\"contentUrl\":\"https:\/\/westfalia-mobil.com\/wp-content\/uploads\/2026\/02\/Campingcos_2026.png\",\"width\":1182,\"height\":758},{\"@type\":\"BreadcrumbList\",\"@id\":\"https:\/\/westfalia-mobil.com\/de\/veranstaltungskalender-westfalia\/camping-caravan-outdoor-sport-messe\/#breadcrumb\",\"itemListElement\":[{\"@type\":\"ListItem\",\"position\":1,\"name\":\"Accueil\",\"item\":\"https:\/\/westfalia-mobil.com\/de\/\"},{\"@type\":\"ListItem\",\"position\":2,\"name\":\"Camping Caravan Outdoor &#038; Sport Messe\"}]},{\"@type\":\"WebSite\",\"@id\":\"https:\/\/westfalia-mobil.com\/de\/#website\",\"url\":\"https:\/\/westfalia-mobil.com\/de\/\",\"name\":\"Westfalia, le concepteur historique du van et fourgon am\u00e9nag\u00e9 haut de gamme\",\"description\":\"\",\"publisher\":{\"@id\":\"https:\/\/westfalia-mobil.com\/de\/#organization\"},\"potentialAction\":[{\"@type\":\"SearchAction\",\"target\":{\"@type\":\"EntryPoint\",\"urlTemplate\":\"https:\/\/westfalia-mobil.com\/de\/?s={search_term_string}\"},\"query-input\":{\"@type\":\"PropertyValueSpecification\",\"valueRequired\":true,\"valueName\":\"search_term_string\"}}],\"inLanguage\":\"de\"},{\"@type\":\"Organization\",\"@id\":\"https:\/\/westfalia-mobil.com\/de\/#organization\",\"name\":\"Westfalia\",\"url\":\"https:\/\/westfalia-mobil.com\/de\/\",\"logo\":{\"@type\":\"ImageObject\",\"inLanguage\":\"de\",\"@id\":\"https:\/\/westfalia-mobil.com\/de\/#\/schema\/logo\/image\/\",\"url\":\"https:\/\/westfalia-mobil.com\/wp-content\/uploads\/2024\/06\/logo-westfalia-carre.png\",\"contentUrl\":\"https:\/\/westfalia-mobil.com\/wp-content\/uploads\/2024\/06\/logo-westfalia-carre.png\",\"width\":224,\"height\":224,\"caption\":\"Westfalia\"},\"image\":{\"@id\":\"https:\/\/westfalia-mobil.com\/de\/#\/schema\/logo\/image\/\"},\"sameAs\":[\"https:\/\/www.facebook.com\/westfaliafrance\/\",\"https:\/\/www.instagram.com\/westfaliafr\/\"]}]}<\/script>\n<!-- \/ Yoast SEO plugin. -->","yoast_head_json":{"title":"Camping Caravan Outdoor & Sport Messe - Westfalia, der historische Entwickler des Premium CamperVans und Kastenwagen","robots":{"index":"index","follow":"follow","max-snippet":"max-snippet:-1","max-image-preview":"max-image-preview:large","max-video-preview":"max-video-preview:-1"},"canonical":"https:\/\/westfalia-mobil.com\/de\/veranstaltungskalender-westfalia\/camping-caravan-outdoor-sport-messe\/","og_locale":"de_DE","og_type":"article","og_title":"Camping Caravan Outdoor & Sport Messe - Westfalia, der historische Entwickler des Premium CamperVans und Kastenwagen","og_url":"https:\/\/westfalia-mobil.com\/de\/veranstaltungskalender-westfalia\/camping-caravan-outdoor-sport-messe\/","og_site_name":"Westfalia, der historische Entwickler des Premium CamperVans und Kastenwagen","article_publisher":"https:\/\/www.facebook.com\/westfaliafrance\/","og_image":[{"width":1182,"height":758,"url":"https:\/\/westfalia-mobil.com\/wp-content\/uploads\/2026\/02\/Campingcos_2026.png","type":"image\/png"}],"twitter_card":"summary_large_image","twitter_misc":{"Gesch\u00e4tzte Lesezeit":"2\u00a0Minuten"},"schema":{"@context":"https:\/\/schema.org","@graph":[{"@type":"WebPage","@id":"https:\/\/westfalia-mobil.com\/de\/veranstaltungskalender-westfalia\/camping-caravan-outdoor-sport-messe\/","url":"https:\/\/westfalia-mobil.com\/de\/veranstaltungskalender-westfalia\/camping-caravan-outdoor-sport-messe\/","name":"Camping Caravan Outdoor & Sport Messe - Westfalia, der historische Entwickler des Premium CamperVans und Kastenwagen","isPartOf":{"@id":"https:\/\/westfalia-mobil.com\/de\/#website"},"primaryImageOfPage":{"@id":"https:\/\/westfalia-mobil.com\/de\/veranstaltungskalender-westfalia\/camping-caravan-outdoor-sport-messe\/#primaryimage"},"image":{"@id":"https:\/\/westfalia-mobil.com\/de\/veranstaltungskalender-westfalia\/camping-caravan-outdoor-sport-messe\/#primaryimage"},"thumbnailUrl":"https:\/\/westfalia-mobil.com\/wp-content\/uploads\/2026\/02\/Campingcos_2026.png","datePublished":"2026-02-06T15:06:18+00:00","breadcrumb":{"@id":"https:\/\/westfalia-mobil.com\/de\/veranstaltungskalender-westfalia\/camping-caravan-outdoor-sport-messe\/#breadcrumb"},"inLanguage":"de","potentialAction":[{"@type":"ReadAction","target":["https:\/\/westfalia-mobil.com\/de\/veranstaltungskalender-westfalia\/camping-caravan-outdoor-sport-messe\/"]}]},{"@type":"ImageObject","inLanguage":"de","@id":"https:\/\/westfalia-mobil.com\/de\/veranstaltungskalender-westfalia\/camping-caravan-outdoor-sport-messe\/#primaryimage","url":"https:\/\/westfalia-mobil.com\/wp-content\/uploads\/2026\/02\/Campingcos_2026.png","contentUrl":"https:\/\/westfalia-mobil.com\/wp-content\/uploads\/2026\/02\/Campingcos_2026.png","width":1182,"height":758},{"@type":"BreadcrumbList","@id":"https:\/\/westfalia-mobil.com\/de\/veranstaltungskalender-westfalia\/camping-caravan-outdoor-sport-messe\/#breadcrumb","itemListElement":[{"@type":"ListItem","position":1,"name":"Accueil","item":"https:\/\/westfalia-mobil.com\/de\/"},{"@type":"ListItem","position":2,"name":"Camping Caravan Outdoor &#038; Sport Messe"}]},{"@type":"WebSite","@id":"https:\/\/westfalia-mobil.com\/de\/#website","url":"https:\/\/westfalia-mobil.com\/de\/","name":"Westfalia, le concepteur historique du van et fourgon am\u00e9nag\u00e9 haut de gamme","description":"","publisher":{"@id":"https:\/\/westfalia-mobil.com\/de\/#organization"},"potentialAction":[{"@type":"SearchAction","target":{"@type":"EntryPoint","urlTemplate":"https:\/\/westfalia-mobil.com\/de\/?s={search_term_string}"},"query-input":{"@type":"PropertyValueSpecification","valueRequired":true,"valueName":"search_term_string"}}],"inLanguage":"de"},{"@type":"Organization","@id":"https:\/\/westfalia-mobil.com\/de\/#organization","name":"Westfalia","url":"https:\/\/westfalia-mobil.com\/de\/","logo":{"@type":"ImageObject","inLanguage":"de","@id":"https:\/\/westfalia-mobil.com\/de\/#\/schema\/logo\/image\/","url":"https:\/\/westfalia-mobil.com\/wp-content\/uploads\/2024\/06\/logo-westfalia-carre.png","contentUrl":"https:\/\/westfalia-mobil.com\/wp-content\/uploads\/2024\/06\/logo-westfalia-carre.png","width":224,"height":224,"caption":"Westfalia"},"image":{"@id":"https:\/\/westfalia-mobil.com\/de\/#\/schema\/logo\/image\/"},"sameAs":["https:\/\/www.facebook.com\/westfaliafrance\/","https:\/\/www.instagram.com\/westfaliafr\/"]}]}},"_links":{"self":[{"href":"https:\/\/westfalia-mobil.com\/de\/wp-json\/wp\/v2\/evenements\/14471","targetHints":{"allow":["GET"]}}],"collection":[{"href":"https:\/\/westfalia-mobil.com\/de\/wp-json\/wp\/v2\/evenements"}],"about":[{"href":"https:\/\/westfalia-mobil.com\/de\/wp-json\/wp\/v2\/types\/evenements"}],"version-history":[{"count":2,"href":"https:\/\/westfalia-mobil.com\/de\/wp-json\/wp\/v2\/evenements\/14471\/revisions"}],"predecessor-version":[{"id":14476,"href":"https:\/\/westfalia-mobil.com\/de\/wp-json\/wp\/v2\/evenements\/14471\/revisions\/14476"}],"wp:featuredmedia":[{"embeddable":true,"href":"https:\/\/westfalia-mobil.com\/de\/wp-json\/wp\/v2\/media\/14472"}],"wp:attachment":[{"href":"https:\/\/westfalia-mobil.com\/de\/wp-json\/wp\/v2\/media?parent=14471"}],"curies":[{"name":"wp","href":"https:\/\/api.w.org\/{rel}","templated":true}]}}